{"id":302,"date":"2022-02-13T20:37:46","date_gmt":"2022-02-13T20:37:46","guid":{"rendered":"https:\/\/tiendasolidaria.neurodiversi.org\/index.php\/producto\/carcasa-para-iphone\/"},"modified":"2024-07-08T07:33:08","modified_gmt":"2024-07-08T07:33:08","slug":"carcasa-para-iphone","status":"publish","type":"product","link":"https:\/\/tiendasolidaria.neurodiversi.org\/index.php\/producto\/carcasa-para-iphone\/","title":{"rendered":"Carcasa para iPhone"},"content":{"rendered":"<p>Esta elegante carcasa para iPhone protege al m\u00f3vil de los ara\u00f1azos, el polvo, la grasa y la suciedad. La parte trasera es r\u00edgida mientras que los laterales son flexibles lo que facilita su colocaci\u00f3n y extracci\u00f3n. Cuenta con orificios precisos para los puertos del m\u00f3vil. <\/p>\n<p>\u2022 Material h\u00edbrido de poliuretano termopl\u00e1stico (TPU) y policarbonato (PC) sin BPA<br \/>\n\u2022 Parte trasera r\u00edgida de policarbonato<br \/>\n\u2022 Laterales flexibles transparentes de poliuretano<br \/>\n\u2022 Borde elevado de 0,5 mm<br \/>\n\u2022 Compatible con carga inal\u00e1mbrica<br \/>\n\u2022 La funda SE es apta para el modelo iPhone SE 2020<\/p>\n","protected":false},"excerpt":{"rendered":"<p>Esta elegante carcasa para iPhone protege al m\u00f3vil de los ara\u00f1azos, el polvo, la grasa y la suciedad. La parte trasera es r\u00edgida mientras que los laterales son flexibles lo que facilita su colocaci\u00f3n y extracci\u00f3n. Cuenta con orificios precisos para los puertos del m\u00f3vil. \u2022 Material h\u00edbrido de poliuretano termopl\u00e1stico (TPU) y policarbonato (PC) [&hellip;]<\/p>\n","protected":false},"featured_media":320,"comment_status":"open","ping_status":"closed","template":"","meta":{"_et_pb_use_builder":"","_et_pb_old_content":"","_et_gb_content_width":""},"product_cat":[17],"product_tag":[],"class_list":["post-302","product","type-product","status-publish","has-post-thumbnail","hentry","product_cat-clothing"],"yoast_head":"<!-- This site is optimized with the Yoast SEO plugin v20.10 - https:\/\/yoast.com\/wordpress\/plugins\/seo\/ -->\n<title>Carcasa para iPhone - Tienda Solidaria de NeurodiverS\u00ed<\/title>\n<meta name=\"robots\" content=\"index, follow, max-snippet:-1, max-image-preview:large, max-video-preview:-1\" \/>\n<link rel=\"canonical\" href=\"https:\/\/tiendasolidaria.neurodiversi.org\/index.php\/producto\/carcasa-para-iphone\/\" \/>\n<meta property=\"og:locale\" content=\"es_ES\" \/>\n<meta property=\"og:type\" content=\"article\" \/>\n<meta property=\"og:title\" content=\"Carcasa para iPhone - Tienda Solidaria de NeurodiverS\u00ed\" \/>\n<meta property=\"og:description\" content=\"Esta elegante carcasa para iPhone protege al m\u00f3vil de los ara\u00f1azos, el polvo, la grasa y la suciedad. La parte trasera es r\u00edgida mientras que los laterales son flexibles lo que facilita su colocaci\u00f3n y extracci\u00f3n. Cuenta con orificios precisos para los puertos del m\u00f3vil. \u2022 Material h\u00edbrido de poliuretano termopl\u00e1stico (TPU) y policarbonato (PC) [&hellip;]\" \/>\n<meta property=\"og:url\" content=\"https:\/\/tiendasolidaria.neurodiversi.org\/index.php\/producto\/carcasa-para-iphone\/\" \/>\n<meta property=\"og:site_name\" content=\"Tienda Solidaria de NeurodiverS\u00ed\" \/>\n<meta property=\"article:modified_time\" content=\"2024-07-08T07:33:08+00:00\" \/>\n<meta property=\"og:image\" content=\"https:\/\/tiendasolidaria.neurodiversi.org\/wp-content\/uploads\/2022\/02\/iphone-case-iphone-7-8-case-on-phone-62096c0ad39ee.jpg\" \/>\n\t<meta property=\"og:image:width\" content=\"1000\" \/>\n\t<meta property=\"og:image:height\" content=\"1000\" \/>\n\t<meta property=\"og:image:type\" content=\"image\/jpeg\" \/>\n<meta name=\"twitter:card\" content=\"summary_large_image\" \/>\n<script type=\"application\/ld+json\" class=\"yoast-schema-graph\">{\"@context\":\"https:\/\/schema.org\",\"@graph\":[{\"@type\":\"WebPage\",\"@id\":\"https:\/\/tiendasolidaria.neurodiversi.org\/index.php\/producto\/carcasa-para-iphone\/\",\"url\":\"https:\/\/tiendasolidaria.neurodiversi.org\/index.php\/producto\/carcasa-para-iphone\/\",\"name\":\"Carcasa para iPhone - Tienda Solidaria de NeurodiverS\u00ed\",\"isPartOf\":{\"@id\":\"https:\/\/tiendasolidaria.neurodiversi.org\/#website\"},\"datePublished\":\"2022-02-13T20:37:46+00:00\",\"dateModified\":\"2024-07-08T07:33:08+00:00\",\"breadcrumb\":{\"@id\":\"https:\/\/tiendasolidaria.neurodiversi.org\/index.php\/producto\/carcasa-para-iphone\/#breadcrumb\"},\"inLanguage\":\"es\",\"potentialAction\":[{\"@type\":\"ReadAction\",\"target\":[\"https:\/\/tiendasolidaria.neurodiversi.org\/index.php\/producto\/carcasa-para-iphone\/\"]}]},{\"@type\":\"BreadcrumbList\",\"@id\":\"https:\/\/tiendasolidaria.neurodiversi.org\/index.php\/producto\/carcasa-para-iphone\/#breadcrumb\",\"itemListElement\":[{\"@type\":\"ListItem\",\"position\":1,\"name\":\"Portada\",\"item\":\"https:\/\/tiendasolidaria.neurodiversi.org\/\"},{\"@type\":\"ListItem\",\"position\":2,\"name\":\"Tienda\",\"item\":\"https:\/\/tiendasolidaria.neurodiversi.org\/\"},{\"@type\":\"ListItem\",\"position\":3,\"name\":\"Carcasa para iPhone\"}]},{\"@type\":\"WebSite\",\"@id\":\"https:\/\/tiendasolidaria.neurodiversi.org\/#website\",\"url\":\"https:\/\/tiendasolidaria.neurodiversi.org\/\",\"name\":\"Tienda Solidaria de NeurodiverS\u00ed\",\"description\":\"Tienda Solidaria de NeurodiverS\u00ed\",\"publisher\":{\"@id\":\"https:\/\/tiendasolidaria.neurodiversi.org\/#organization\"},\"potentialAction\":[{\"@type\":\"SearchAction\",\"target\":{\"@type\":\"EntryPoint\",\"urlTemplate\":\"https:\/\/tiendasolidaria.neurodiversi.org\/?s={search_term_string}\"},\"query-input\":\"required name=search_term_string\"}],\"inLanguage\":\"es\"},{\"@type\":\"Organization\",\"@id\":\"https:\/\/tiendasolidaria.neurodiversi.org\/#organization\",\"name\":\"Tienda Solidaria de NeurodiverS\u00ed\",\"url\":\"https:\/\/tiendasolidaria.neurodiversi.org\/\",\"logo\":{\"@type\":\"ImageObject\",\"inLanguage\":\"es\",\"@id\":\"https:\/\/tiendasolidaria.neurodiversi.org\/#\/schema\/logo\/image\/\",\"url\":\"https:\/\/tiendasolidaria.neurodiversi.org\/wp-content\/uploads\/2021\/09\/cropped-neurodiversi_home1.png\",\"contentUrl\":\"https:\/\/tiendasolidaria.neurodiversi.org\/wp-content\/uploads\/2021\/09\/cropped-neurodiversi_home1.png\",\"width\":532,\"height\":222,\"caption\":\"Tienda Solidaria de NeurodiverS\u00ed\"},\"image\":{\"@id\":\"https:\/\/tiendasolidaria.neurodiversi.org\/#\/schema\/logo\/image\/\"}}]}<\/script>\n<!-- \/ Yoast SEO plugin. -->","yoast_head_json":{"title":"Carcasa para iPhone - Tienda Solidaria de NeurodiverS\u00ed","robots":{"index":"index","follow":"follow","max-snippet":"max-snippet:-1","max-image-preview":"max-image-preview:large","max-video-preview":"max-video-preview:-1"},"canonical":"https:\/\/tiendasolidaria.neurodiversi.org\/index.php\/producto\/carcasa-para-iphone\/","og_locale":"es_ES","og_type":"article","og_title":"Carcasa para iPhone - Tienda Solidaria de NeurodiverS\u00ed","og_description":"Esta elegante carcasa para iPhone protege al m\u00f3vil de los ara\u00f1azos, el polvo, la grasa y la suciedad. La parte trasera es r\u00edgida mientras que los laterales son flexibles lo que facilita su colocaci\u00f3n y extracci\u00f3n. Cuenta con orificios precisos para los puertos del m\u00f3vil. \u2022 Material h\u00edbrido de poliuretano termopl\u00e1stico (TPU) y policarbonato (PC) [&hellip;]","og_url":"https:\/\/tiendasolidaria.neurodiversi.org\/index.php\/producto\/carcasa-para-iphone\/","og_site_name":"Tienda Solidaria de NeurodiverS\u00ed","article_modified_time":"2024-07-08T07:33:08+00:00","og_image":[{"width":1000,"height":1000,"url":"https:\/\/tiendasolidaria.neurodiversi.org\/wp-content\/uploads\/2022\/02\/iphone-case-iphone-7-8-case-on-phone-62096c0ad39ee.jpg","type":"image\/jpeg"}],"twitter_card":"summary_large_image","schema":{"@context":"https:\/\/schema.org","@graph":[{"@type":"WebPage","@id":"https:\/\/tiendasolidaria.neurodiversi.org\/index.php\/producto\/carcasa-para-iphone\/","url":"https:\/\/tiendasolidaria.neurodiversi.org\/index.php\/producto\/carcasa-para-iphone\/","name":"Carcasa para iPhone - Tienda Solidaria de NeurodiverS\u00ed","isPartOf":{"@id":"https:\/\/tiendasolidaria.neurodiversi.org\/#website"},"datePublished":"2022-02-13T20:37:46+00:00","dateModified":"2024-07-08T07:33:08+00:00","breadcrumb":{"@id":"https:\/\/tiendasolidaria.neurodiversi.org\/index.php\/producto\/carcasa-para-iphone\/#breadcrumb"},"inLanguage":"es","potentialAction":[{"@type":"ReadAction","target":["https:\/\/tiendasolidaria.neurodiversi.org\/index.php\/producto\/carcasa-para-iphone\/"]}]},{"@type":"BreadcrumbList","@id":"https:\/\/tiendasolidaria.neurodiversi.org\/index.php\/producto\/carcasa-para-iphone\/#breadcrumb","itemListElement":[{"@type":"ListItem","position":1,"name":"Portada","item":"https:\/\/tiendasolidaria.neurodiversi.org\/"},{"@type":"ListItem","position":2,"name":"Tienda","item":"https:\/\/tiendasolidaria.neurodiversi.org\/"},{"@type":"ListItem","position":3,"name":"Carcasa para iPhone"}]},{"@type":"WebSite","@id":"https:\/\/tiendasolidaria.neurodiversi.org\/#website","url":"https:\/\/tiendasolidaria.neurodiversi.org\/","name":"Tienda Solidaria de NeurodiverS\u00ed","description":"Tienda Solidaria de NeurodiverS\u00ed","publisher":{"@id":"https:\/\/tiendasolidaria.neurodiversi.org\/#organization"},"potentialAction":[{"@type":"SearchAction","target":{"@type":"EntryPoint","urlTemplate":"https:\/\/tiendasolidaria.neurodiversi.org\/?s={search_term_string}"},"query-input":"required name=search_term_string"}],"inLanguage":"es"},{"@type":"Organization","@id":"https:\/\/tiendasolidaria.neurodiversi.org\/#organization","name":"Tienda Solidaria de NeurodiverS\u00ed","url":"https:\/\/tiendasolidaria.neurodiversi.org\/","logo":{"@type":"ImageObject","inLanguage":"es","@id":"https:\/\/tiendasolidaria.neurodiversi.org\/#\/schema\/logo\/image\/","url":"https:\/\/tiendasolidaria.neurodiversi.org\/wp-content\/uploads\/2021\/09\/cropped-neurodiversi_home1.png","contentUrl":"https:\/\/tiendasolidaria.neurodiversi.org\/wp-content\/uploads\/2021\/09\/cropped-neurodiversi_home1.png","width":532,"height":222,"caption":"Tienda Solidaria de NeurodiverS\u00ed"},"image":{"@id":"https:\/\/tiendasolidaria.neurodiversi.org\/#\/schema\/logo\/image\/"}}]}},"_links":{"self":[{"href":"https:\/\/tiendasolidaria.neurodiversi.org\/index.php\/wp-json\/wp\/v2\/product\/302","targetHints":{"allow":["GET"]}}],"collection":[{"href":"https:\/\/tiendasolidaria.neurodiversi.org\/index.php\/wp-json\/wp\/v2\/product"}],"about":[{"href":"https:\/\/tiendasolidaria.neurodiversi.org\/index.php\/wp-json\/wp\/v2\/types\/product"}],"replies":[{"embeddable":true,"href":"https:\/\/tiendasolidaria.neurodiversi.org\/index.php\/wp-json\/wp\/v2\/comments?post=302"}],"wp:featuredmedia":[{"embeddable":true,"href":"https:\/\/tiendasolidaria.neurodiversi.org\/index.php\/wp-json\/wp\/v2\/media\/320"}],"wp:attachment":[{"href":"https:\/\/tiendasolidaria.neurodiversi.org\/index.php\/wp-json\/wp\/v2\/media?parent=302"}],"wp:term":[{"taxonomy":"product_cat","embeddable":true,"href":"https:\/\/tiendasolidaria.neurodiversi.org\/index.php\/wp-json\/wp\/v2\/product_cat?post=302"},{"taxonomy":"product_tag","embeddable":true,"href":"https:\/\/tiendasolidaria.neurodiversi.org\/index.php\/wp-json\/wp\/v2\/product_tag?post=302"}],"curies":[{"name":"wp","href":"https:\/\/api.w.org\/{rel}","templated":true}]}}